{"id":2271,"date":"2022-05-11T12:46:51","date_gmt":"2022-05-11T10:46:51","guid":{"rendered":"http:\/\/centrala.org.uk\/pl\/?post_type=product&#038;p=2271"},"modified":"2022-05-11T12:48:13","modified_gmt":"2022-05-11T10:48:13","slug":"kanikula","status":"publish","type":"product","link":"https:\/\/centrala.org.uk\/pl\/sklep\/kanikula\/","title":{"rendered":"Kaniku\u0142a"},"content":{"rendered":"<p>Powie\u015b\u0107 graficzna Anji Dahle \u00d8verbye \u201eKaniku\u0142a&#8221; (Hundedagar) zdoby\u0142a nagrod\u0119 Norweskiego Komiksu Roku w 2016 roku. To imponuj\u0105cy debiut ksi\u0105\u017ckowy, kt\u00f3ry czerpie inspiracje z p\u00f3\u0142nocno-zachodniej Norwegii, gdzie wychowa\u0142a si\u0119 autorka. Kaniku\u0142a, tzw. psie dni, to zjawisko, kt\u00f3re ma miejsce pod koniec lata. Wed\u0142ug ludowych przekaz\u00f3w, dni te s\u0105 wyj\u0105tkowo gor\u0105ce, b\u0142oto wyp\u0142ywa na powierzchni\u0119 wody, jedzenie si\u0119 psuje, a psy mog\u0105 \u0142atwiej popa\u015b\u0107 w ob\u0142\u0119d. To w\u0142a\u015bnie o tej porze roku poznajemy Anne, kt\u00f3ra jest w po\u0142owie drogi mi\u0119dzy dzieci\u0144stwem a dojrzewaniem. Intensywnie duszna, parna pogoda tego lata wp\u0142ywa na jej relacje zar\u00f3wno z przyjaci\u00f3\u0142mi, jak i z rodzin\u0105. \u2028\u2028Jej najlepsza przyjaci\u00f3\u0142ka Marielle chce sp\u0119dza\u0107 czas z nieco starsz\u0105 Carrie. Kiedy te dwie nawi\u0105zuj\u0105 przyja\u017a\u0144, Anne zostaje na uboczu. Jest zbyt m\u0142oda, by chodzi\u0107 do klubu m\u0142odzie\u017cowego i zbyt niespokojna, by znale\u017a\u0107 sobie inne zaj\u0119cie. Czy ona i Marielle zdo\u0142aj\u0105 si\u0119 ponownie zaprzyja\u017ani\u0107? I co jest gotowa zrobi\u0107, by tak si\u0119 sta\u0142o?<\/p>\n<p>Opowie\u015b\u0107 przedstawiona zosta\u0142a z wra\u017cliwo\u015bci\u0105 poprzez szczeg\u00f3\u0142owe rysunki o\u0142\u00f3wkiem, ukazuj\u0105ce wnikliwe spojrzenie w ludzk\u0105 natur\u0119. Sceneria zachodniej Norwegii odgrywa w tej historii g\u0142\u00f3wn\u0105 rol\u0119.<\/p>\n<div id='gallery-1' class='gallery galleryid-2271 gallery-columns-3 gallery-size-thumbnail'><figure class='gallery-item'>\n\t\t\t<div class='gallery-icon portrait'>\n\t\t\t\t<a href='https:\/\/centrala.org.uk\/pl\/?attachment_id=2273'><img loading=\"lazy\" decoding=\"async\" width=\"220\" height=\"303\" src=\"https:\/\/centrala.org.uk\/pl\/wp-content\/uploads\/sites\/2\/2022\/05\/Kanikula_01-220x303.jpg\" class=\"attachment-thumbnail size-thumbnail\" alt=\"\" srcset=\"https:\/\/centrala.org.uk\/pl\/wp-content\/uploads\/sites\/2\/2022\/05\/Kanikula_01-220x303.jpg 220w, https:\/\/centrala.org.uk\/pl\/wp-content\/uploads\/sites\/2\/2022\/05\/Kanikula_01-640x882.jpg 640w, https:\/\/centrala.org.uk\/pl\/wp-content\/uploads\/sites\/2\/2022\/05\/Kanikula_01-653x900.jpg 653w, https:\/\/centrala.org.uk\/pl\/wp-content\/uploads\/sites\/2\/2022\/05\/Kanikula_01-210x289.jpg 210w, https:\/\/centrala.org.uk\/pl\/wp-content\/uploads\/sites\/2\/2022\/05\/Kanikula_01-480x661.jpg 480w, https:\/\/centrala.org.uk\/pl\/wp-content\/uploads\/sites\/2\/2022\/05\/Kanikula_01.jpg 728w\" sizes=\"auto, (max-width: 220px) 100vw, 220px\" \/><\/a>\n\t\t\t<\/div><\/figure><figure class='gallery-item'>\n\t\t\t<div class='gallery-icon portrait'>\n\t\t\t\t<a href='https:\/\/centrala.org.uk\/pl\/?attachment_id=2274'><img loading=\"lazy\" decoding=\"async\" width=\"220\" height=\"303\" src=\"https:\/\/centrala.org.uk\/pl\/wp-content\/uploads\/sites\/2\/2022\/05\/Kanikula_02-220x303.jpg\" class=\"attachment-thumbnail size-thumbnail\" alt=\"\" srcset=\"https:\/\/centrala.org.uk\/pl\/wp-content\/uploads\/sites\/2\/2022\/05\/Kanikula_02-220x303.jpg 220w, https:\/\/centrala.org.uk\/pl\/wp-content\/uploads\/sites\/2\/2022\/05\/Kanikula_02-640x882.jpg 640w, https:\/\/centrala.org.uk\/pl\/wp-content\/uploads\/sites\/2\/2022\/05\/Kanikula_02-653x900.jpg 653w, https:\/\/centrala.org.uk\/pl\/wp-content\/uploads\/sites\/2\/2022\/05\/Kanikula_02-210x289.jpg 210w, https:\/\/centrala.org.uk\/pl\/wp-content\/uploads\/sites\/2\/2022\/05\/Kanikula_02-480x661.jpg 480w, https:\/\/centrala.org.uk\/pl\/wp-content\/uploads\/sites\/2\/2022\/05\/Kanikula_02.jpg 728w\" sizes=\"auto, (max-width: 220px) 100vw, 220px\" \/><\/a>\n\t\t\t<\/div><\/figure><figure class='gallery-item'>\n\t\t\t<div class='gallery-icon portrait'>\n\t\t\t\t<a href='https:\/\/centrala.org.uk\/pl\/?attachment_id=2275'><img loading=\"lazy\" decoding=\"async\" width=\"220\" height=\"303\" src=\"https:\/\/centrala.org.uk\/pl\/wp-content\/uploads\/sites\/2\/2022\/05\/Kanikula_03-220x303.jpg\" class=\"attachment-thumbnail size-thumbnail\" alt=\"\" srcset=\"https:\/\/centrala.org.uk\/pl\/wp-content\/uploads\/sites\/2\/2022\/05\/Kanikula_03-220x303.jpg 220w, https:\/\/centrala.org.uk\/pl\/wp-content\/uploads\/sites\/2\/2022\/05\/Kanikula_03-640x882.jpg 640w, https:\/\/centrala.org.uk\/pl\/wp-content\/uploads\/sites\/2\/2022\/05\/Kanikula_03-653x900.jpg 653w, https:\/\/centrala.org.uk\/pl\/wp-content\/uploads\/sites\/2\/2022\/05\/Kanikula_03-210x289.jpg 210w, https:\/\/centrala.org.uk\/pl\/wp-content\/uploads\/sites\/2\/2022\/05\/Kanikula_03-480x661.jpg 480w, https:\/\/centrala.org.uk\/pl\/wp-content\/uploads\/sites\/2\/2022\/05\/Kanikula_03.jpg 728w\" sizes=\"auto, (max-width: 220px) 100vw, 220px\" \/><\/a>\n\t\t\t<\/div><\/figure><figure class='gallery-item'>\n\t\t\t<div class='gallery-icon portrait'>\n\t\t\t\t<a href='https:\/\/centrala.org.uk\/pl\/?attachment_id=2276'><img loading=\"lazy\" decoding=\"async\" width=\"220\" height=\"303\" src=\"https:\/\/centrala.org.uk\/pl\/wp-content\/uploads\/sites\/2\/2022\/05\/Kanikula_04-220x303.jpg\" class=\"attachment-thumbnail size-thumbnail\" alt=\"\" srcset=\"https:\/\/centrala.org.uk\/pl\/wp-content\/uploads\/sites\/2\/2022\/05\/Kanikula_04-220x303.jpg 220w, https:\/\/centrala.org.uk\/pl\/wp-content\/uploads\/sites\/2\/2022\/05\/Kanikula_04-640x882.jpg 640w, https:\/\/centrala.org.uk\/pl\/wp-content\/uploads\/sites\/2\/2022\/05\/Kanikula_04-653x900.jpg 653w, https:\/\/centrala.org.uk\/pl\/wp-content\/uploads\/sites\/2\/2022\/05\/Kanikula_04-210x289.jpg 210w, https:\/\/centrala.org.uk\/pl\/wp-content\/uploads\/sites\/2\/2022\/05\/Kanikula_04-480x661.jpg 480w, https:\/\/centrala.org.uk\/pl\/wp-content\/uploads\/sites\/2\/2022\/05\/Kanikula_04.jpg 728w\" sizes=\"auto, (max-width: 220px) 100vw, 220px\" \/><\/a>\n\t\t\t<\/div><\/figure>\n\t\t<\/div>\n\n<p><strong>Anja Dahle \u00d8verbye<\/strong> (1981) studiowa\u0142a w KIB, Bergen Art School i uzyska\u0142a tytu\u0142 licencjatki w dziedzinie ilustracji i komunikacji wizualnej na UCA w Anglii. Obecnie mieszka w Oslo, gdzie pracuje jako autorka komiks\u00f3w i ilustratorka.<\/p>\n","protected":false},"excerpt":{"rendered":"<p>Norweski komiks o emocjach dojrzewania<\/p>\n","protected":false},"featured_media":2272,"comment_status":"closed","ping_status":"closed","template":"","meta":{"_acf_changed":false},"product_brand":[],"product_cat":[47,32],"product_tag":[],"series":[10112],"class_list":{"0":"post-2271","1":"product","2":"type-product","3":"status-publish","4":"has-post-thumbnail","6":"product_cat-dla-mlodziezy","7":"product_cat-komiks","8":"series-zycie","10":"first","11":"instock","12":"sale","13":"shipping-taxable","14":"purchasable","15":"product-type-simple"},"acf":[],"_links":{"self":[{"href":"https:\/\/centrala.org.uk\/pl\/wp-json\/wp\/v2\/product\/2271","targetHints":{"allow":["GET"]}}],"collection":[{"href":"https:\/\/centrala.org.uk\/pl\/wp-json\/wp\/v2\/product"}],"about":[{"href":"https:\/\/centrala.org.uk\/pl\/wp-json\/wp\/v2\/types\/product"}],"replies":[{"embeddable":true,"href":"https:\/\/centrala.org.uk\/pl\/wp-json\/wp\/v2\/comments?post=2271"}],"wp:featuredmedia":[{"embeddable":true,"href":"https:\/\/centrala.org.uk\/pl\/wp-json\/wp\/v2\/media\/2272"}],"wp:attachment":[{"href":"https:\/\/centrala.org.uk\/pl\/wp-json\/wp\/v2\/media?parent=2271"}],"wp:term":[{"taxonomy":"product_brand","embeddable":true,"href":"https:\/\/centrala.org.uk\/pl\/wp-json\/wp\/v2\/product_brand?post=2271"},{"taxonomy":"product_cat","embeddable":true,"href":"https:\/\/centrala.org.uk\/pl\/wp-json\/wp\/v2\/product_cat?post=2271"},{"taxonomy":"product_tag","embeddable":true,"href":"https:\/\/centrala.org.uk\/pl\/wp-json\/wp\/v2\/product_tag?post=2271"},{"taxonomy":"series","embeddable":true,"href":"https:\/\/centrala.org.uk\/pl\/wp-json\/wp\/v2\/series?post=2271"}],"curies":[{"name":"wp","href":"https:\/\/api.w.org\/{rel}","templated":true}]}}